{"id":2538,"date":"2025-07-22T15:42:09","date_gmt":"2025-07-22T13:42:09","guid":{"rendered":"https:\/\/www.stolpersteine.lautre.net\/wp\/?page_id=2538"},"modified":"2025-07-22T15:49:26","modified_gmt":"2025-07-22T13:49:26","slug":"moise-et-rosa-roth","status":"publish","type":"page","link":"https:\/\/www.stolpersteine.lautre.net\/wp\/moise-et-rosa-roth\/","title":{"rendered":"Mo\u00efse et Rosa ROTH"},"content":{"rendered":"\n<p><strong>Nom&nbsp;:<\/strong> ROTH<\/p>\n\n\n\n<p><strong>Pr\u00e9nom(s)&nbsp;:<\/strong>&nbsp;Mo\u00efse<\/p>\n\n\n\n<p><strong>Date de naissance&nbsp;:<\/strong> 28 mai 1873<\/p>\n\n\n\n<p><strong>Commune et (d\u00e9partement de naissance)&nbsp;:<\/strong> Balbronn (Bas-Rhin)<\/p>\n\n\n\n<p><strong>Parents&nbsp;:<\/strong> \/<\/p>\n\n\n\n<p><strong>Situation familiale&nbsp;:<\/strong>&nbsp;Mari\u00e9 avec Rosa ROTH n\u00e9e LEVI<\/p>\n\n\n\n<p><strong>Enfants&nbsp;:&nbsp;<\/strong>?<\/p>\n\n\n\n<p><strong>Profession&nbsp;:<\/strong>&nbsp;Commis-voyageur<\/p>\n\n\n\n<ul><li><strong>DOMICILE&nbsp;<\/strong><\/li><\/ul>\n\n\n\n<p><strong>Adresse (avant la guerre)&nbsp;:<\/strong>&nbsp;29 rue des Tonneliers \u00e0 Balbronn (Bas-Rhin)<\/p>\n\n\n\n<p><strong>Adresse (pendant la guerre)&nbsp;:<\/strong>  1 Faubourg de la Chipotte \u00e0 Rambervillers (Vosges) <\/p>\n\n\n\n<ul><li><strong>D\u00c9PORTATION&nbsp;<\/strong><\/li><\/ul>\n\n\n\n<p><strong>Convoi n\u00b0 :<\/strong>&nbsp;57 du 18 juillet 1943 de Drancy (Seine-Saint-Denis) \u00e0 Auschwitz-Birkenau (Pologne)<\/p>\n\n\n\n<p><strong>Date et lieu de d\u00e9c\u00e8s&nbsp;:&nbsp;<\/strong>\u00e0 Auschwitz (Pologne) le 23 juillet 1943 \u00e0 l\u2019\u00e2ge de 70 ans<\/p>\n\n\n\n<p>\u2014\u2014\u2014\u2014\u2014\u2014\u2014\u2014\u2014\u2014\u2014\u2014\u2014\u2014\u2014\u2014\u2014\u2014\u2014\u2014\u2014\u2014\u2014\u2014\u2014\u2014\u2014\u2014\u2014\u2014\u2014\u2014\u2014\u2014\u2014\u2014\u2013<\/p>\n\n\n\n<p class=\"has-text-align-right\"><strong>Nom&nbsp;:<\/strong> ROTH n\u00e9e LEVY<\/p>\n\n\n\n<p class=\"has-text-align-right\"><strong>Pr\u00e9nom(s)&nbsp;:<\/strong>&nbsp;Rose<\/p>\n\n\n\n<p class=\"has-text-align-right\"><strong>Date de naissance&nbsp;:<\/strong> 2 avril 1872<\/p>\n\n\n\n<p class=\"has-text-align-right\"><strong>Commune et (d\u00e9partement de naissance)&nbsp;:<\/strong> Rexingen, Baden-W\u00fcrttemberg (Allemagne)<\/p>\n\n\n\n<p class=\"has-text-align-right\"><strong>Parents&nbsp;:<\/strong>&nbsp;?<\/p>\n\n\n\n<p class=\"has-text-align-right\"><strong>Situation familiale&nbsp;:<\/strong>&nbsp;Mari\u00e9e avec Mo\u00efse ROTH<\/p>\n\n\n\n<p class=\"has-text-align-right\"><strong>Enfants&nbsp;:&nbsp;<\/strong>?<\/p>\n\n\n\n<p class=\"has-text-align-right\"><strong>Profession&nbsp;:<\/strong>&nbsp;\/<\/p>\n\n\n\n<ul><li><strong>DOMICILE&nbsp;<\/strong><\/li><\/ul>\n\n\n\n<p class=\"has-text-align-right\"><strong>Adresse (avant la guerre)&nbsp;:<\/strong>&nbsp;29 rue des Tonneliers \u00e0 Balbronn (Bas-Rhin)<\/p>\n\n\n\n<p class=\"has-text-align-right\"><strong>Adresse (pendant la guerre)&nbsp;:<\/strong>  1 Faubourg de la Chipotte \u00e0 Rambervillers (Vosges) <\/p>\n\n\n\n<ul><li><strong>D\u00c9PORTATION&nbsp;<\/strong><\/li><\/ul>\n\n\n\n<p class=\"has-text-align-right\"><strong>Convoi n\u00b0 :<\/strong>&nbsp;57 du 18 juillet 1943 de Drancy (Seine-Saint-Denis) \u00e0 Auschwitz-Birkenau (Pologne)<\/p>\n\n\n\n<p class=\"has-text-align-right\"><strong>Date et lieu de d\u00e9c\u00e8s\u00a0:\u00a0<\/strong>\u00e0 Auschwitz (Pologne) le 23 juillet 1943 \u00e0 l\u2019\u00e2ge de 71 ans<\/p>\n\n\n\n<p>\u2014\u2014\u2014\u2014\u2014\u2014\u2014\u2014\u2014\u2014\u2014\u2014\u2014\u2014\u2014\u2014\u2014\u2014\u2014\u2014\u2014\u2014\u2014\u2014\u2014\u2014\u2014\u2014\u2014\u2014\u2014\u2014\u2014\u2014\u2014\u2014\u2013<\/p>\n\n\n\n<p class=\"has-text-align-center\"><strong>Derni\u00e8re adresse \u00e0<\/strong> <strong>Balbronn : 29 rue des Tonneliers<\/strong><\/p>\n\n\n\n<iframe src=\"https:\/\/www.google.com\/maps\/embed?pb=!1m17!1m11!1m3!1d242.42067906119487!2d7.441574039286758!3d48.58383433258725!2m2!1f284.808924250572!2f45!3m2!1i1024!2i768!4f35!3m3!1m2!1s0x4796aeea02493ec9%3A0x1aeeb97a0296d1c3!2s29%20Rue%20des%20Tonneliers%2C%2067310%20Balbronn!5e1!3m2!1sfr!2sfr!4v1753191688929!5m2!1sfr!2sfr\" width=\"600\" height=\"450\" style=\"border:0;\" allowfullscreen=\"\" loading=\"lazy\" referrerpolicy=\"no-referrer-when-downgrade\"><\/iframe>\n","protected":false},"excerpt":{"rendered":"<p>Nom&nbsp;: ROTH Pr\u00e9nom(s)&nbsp;:&nbsp;Mo\u00efse Date de naissance&nbsp;: 28 mai 1873 Commune et (d\u00e9partement de naissance)&nbsp;: Balbronn (Bas-Rhin) Parents&nbsp;: \/ Situation familiale&nbsp;:&nbsp;Mari\u00e9 avec Rosa ROTH n\u00e9e LEVI Enfants&nbsp;:&nbsp;? Profession&nbsp;:&nbsp;Commis-voyageur DOMICILE&nbsp; Adresse (avant la guerre)&nbsp;:&nbsp;29 rue des Tonneliers \u00e0 Balbronn (Bas-Rhin) Adresse (pendant la guerre)&nbsp;: 1 Faubourg de la Chipotte \u00e0 Rambervillers (Vosges) D\u00c9PORTATION&nbsp; Convoi n\u00b0 :&nbsp;57 du &hellip; <\/p>\n<p class=\"link-more\"><a href=\"https:\/\/www.stolpersteine.lautre.net\/wp\/moise-et-rosa-roth\/\" class=\"more-link\">Continuer la lecture<span class=\"screen-reader-text\"> de &laquo;&nbsp;Mo\u00efse et Rosa ROTH&nbsp;&raquo;<\/span><\/a><\/p>\n","protected":false},"author":5,"featured_media":0,"parent":0,"menu_order":0,"comment_status":"closed","ping_status":"closed","template":"","meta":[],"_links":{"self":[{"href":"https:\/\/www.stolpersteine.lautre.net\/wp\/wp-json\/wp\/v2\/pages\/2538"}],"collection":[{"href":"https:\/\/www.stolpersteine.lautre.net\/wp\/wp-json\/wp\/v2\/pages"}],"about":[{"href":"https:\/\/www.stolpersteine.lautre.net\/wp\/wp-json\/wp\/v2\/types\/page"}],"author":[{"embeddable":true,"href":"https:\/\/www.stolpersteine.lautre.net\/wp\/wp-json\/wp\/v2\/users\/5"}],"replies":[{"embeddable":true,"href":"https:\/\/www.stolpersteine.lautre.net\/wp\/wp-json\/wp\/v2\/comments?post=2538"}],"version-history":[{"count":2,"href":"https:\/\/www.stolpersteine.lautre.net\/wp\/wp-json\/wp\/v2\/pages\/2538\/revisions"}],"predecessor-version":[{"id":2542,"href":"https:\/\/www.stolpersteine.lautre.net\/wp\/wp-json\/wp\/v2\/pages\/2538\/revisions\/2542"}],"wp:attachment":[{"href":"https:\/\/www.stolpersteine.lautre.net\/wp\/wp-json\/wp\/v2\/media?parent=2538"}],"curies":[{"name":"wp","href":"https:\/\/api.w.org\/{rel}","templated":true}]}}