{"id":2574,"date":"2025-08-02T11:32:37","date_gmt":"2025-08-02T09:32:37","guid":{"rendered":"https:\/\/www.stolpersteine.lautre.net\/wp\/?page_id=2574"},"modified":"2025-08-02T11:32:37","modified_gmt":"2025-08-02T09:32:37","slug":"robert-et-elvire-dreyfus","status":"publish","type":"page","link":"https:\/\/www.stolpersteine.lautre.net\/wp\/robert-et-elvire-dreyfus\/","title":{"rendered":"Robert et Elvire DREYFUS"},"content":{"rendered":"\n<p><strong>Nom\u00a0:<\/strong>\u00a0DREYFUS<\/p>\n\n\n\n<p><strong>Pr\u00e9nom(s)\u00a0:<\/strong>\u00a0Robert<\/p>\n\n\n\n<p><strong>Date de naissance\u00a0:<\/strong> 15 juillet 1894<\/p>\n\n\n\n<p><strong>Commune et (d\u00e9partement de naissance)\u00a0:<\/strong>\u00a0Sarre-Union (Bas-Rhin)<\/p>\n\n\n\n<p><strong>Parents\u00a0:<\/strong>\u00a0?<\/p>\n\n\n\n<p><strong>Situation familiale\u00a0:<\/strong>\u00a0Mari\u00e9 avec Elvire DREYFUS n\u00e9e LION<\/p>\n\n\n\n<p><strong>Enfants&nbsp;:&nbsp;<\/strong>?<\/p>\n\n\n\n<p><strong>Profession\u00a0:<\/strong>\u00a0Marchand\/\u00e9picier<\/p>\n\n\n\n<ul><li><strong>DOMICILE&nbsp;<\/strong><\/li><\/ul>\n\n\n\n<p><strong>Adresse (avant la guerre)\u00a0:<\/strong> 8 route de Phalsbourg \u00e0 Sarre-Union (Bas-Rhin)<\/p>\n\n\n\n<p><strong>Adresse (pendant la guerre)\u00a0:<\/strong> 12bis Rue de France \u00e0 Neufch\u00e2teau (Vosges)<\/p>\n\n\n\n<ul><li><strong>D\u00c9PORTATION&nbsp;<\/strong><\/li><\/ul>\n\n\n\n<p><strong>Convoi n\u00b0 :<\/strong> 71 du 13 avril 1944 de Drancy (Seine-Saint-Denis) \u00e0 Auschwitz-Birkenau (Pologne)<\/p>\n\n\n\n<p><strong>Date et lieu de d\u00e9c\u00e8s\u00a0:\u00a0<\/strong>\u00e0 Auschwitz (Pologne) le 16 avril 1944 \u00e0 l\u2019\u00e2ge de 49 ans<\/p>\n\n\n\n<p>\u2014\u2014\u2014\u2014\u2014\u2014\u2014\u2014\u2014\u2014\u2014\u2014\u2014\u2014\u2014\u2014\u2014\u2014\u2014\u2014\u2014\u2014\u2014\u2014\u2014\u2014\u2014\u2014\u2014\u2014\u2014\u2014\u2014\u2014\u2014\u2014\u2013<\/p>\n\n\n\n<p class=\"has-text-align-right\"><strong>Nom\u00a0:<\/strong>\u00a0DREYFUS n\u00e9e LION<\/p>\n\n\n\n<p class=\"has-text-align-right\"><strong>Pr\u00e9nom(s)\u00a0:<\/strong>\u00a0Elvire<\/p>\n\n\n\n<p class=\"has-text-align-right\"><strong>Date de naissance\u00a0:<\/strong>\u00a016 f\u00e9vrier 1896<\/p>\n\n\n\n<p class=\"has-text-align-right\"><strong>Commune et (d\u00e9partement de naissance)\u00a0:<\/strong>\u00a0Niedervisse (Moselle)<\/p>\n\n\n\n<p class=\"has-text-align-right\"><strong>Parents&nbsp;:<\/strong>&nbsp;?<\/p>\n\n\n\n<p class=\"has-text-align-right\"><strong>Situation familiale\u00a0:<\/strong>\u00a0Mari\u00e9e avec Robert DREYFUS<\/p>\n\n\n\n<p class=\"has-text-align-right\"><strong>Enfants&nbsp;:&nbsp;<\/strong>?<\/p>\n\n\n\n<p class=\"has-text-align-right\"><strong>Profession&nbsp;:<\/strong>&nbsp;\/<\/p>\n\n\n\n<ul><li><strong>DOMICILE&nbsp;<\/strong><\/li><\/ul>\n\n\n\n<p class=\"has-text-align-right\"><strong>Adresse (avant la guerre)\u00a0:<\/strong> 8 route de Phalsbourg \u00e0 Sarre-Union (Bas-Rhin)<\/p>\n\n\n\n<p class=\"has-text-align-right\"><strong>Adresse (pendant la guerre)&nbsp;:<\/strong> 12bis Rue de France \u00e0 Neufch\u00e2teau (Vosges)<\/p>\n\n\n\n<ul><li><strong>D\u00c9PORTATION&nbsp;<\/strong><\/li><\/ul>\n\n\n\n<p class=\"has-text-align-right\"><strong>Convoi n\u00b0 :<\/strong> 71 du 13 avril 1944 de Drancy (Seine-Saint-Denis) \u00e0 Auschwitz-Birkenau (Pologne)<\/p>\n\n\n\n<p class=\"has-text-align-right\"><strong>Date et lieu de d\u00e9c\u00e8s\u00a0:\u00a0<\/strong>\u00e0 Auschwitz (Pologne) le 16 avril 1944 \u00e0 l\u2019\u00e2ge de 48 ans<\/p>\n\n\n\n<p>\u2014\u2014\u2014\u2014\u2014\u2014\u2014\u2014\u2014\u2014\u2014\u2014\u2014\u2014\u2014\u2014\u2014\u2014\u2014\u2014\u2014\u2014\u2014\u2014\u2014\u2014\u2014\u2014\u2014\u2014\u2014\u2014\u2014\u2014\u2014\u2014\u2013<\/p>\n\n\n\n<p class=\"has-text-align-center\"><strong>Derni\u00e8re adresse \u00e0<\/strong>\u00a0<strong>Sarre-Union : 8 route de Phalsbourg<\/strong><\/p>\n\n\n\n<iframe src=\"https:\/\/www.google.com\/maps\/embed?pb=!1m18!1m12!1m3!1d2620.773332174899!2d7.0846624763793615!3d48.93875897134319!2m3!1f0!2f0!3f0!3m2!1i1024!2i768!4f13.1!3m3!1m2!1s0x479439739614f12f%3A0x44835796c90c2b25!2s8%20Rte%20de%20Phalsbourg%2C%2067260%20Sarre-Union!5e0!3m2!1sfr!2sfr!4v1754127128537!5m2!1sfr!2sfr\" width=\"600\" height=\"450\" style=\"border:0;\" allowfullscreen=\"\" loading=\"lazy\" referrerpolicy=\"no-referrer-when-downgrade\"><\/iframe>\n","protected":false},"excerpt":{"rendered":"<p>Nom\u00a0:\u00a0DREYFUS Pr\u00e9nom(s)\u00a0:\u00a0Robert Date de naissance\u00a0: 15 juillet 1894 Commune et (d\u00e9partement de naissance)\u00a0:\u00a0Sarre-Union (Bas-Rhin) Parents\u00a0:\u00a0? Situation familiale\u00a0:\u00a0Mari\u00e9 avec Elvire DREYFUS n\u00e9e LION Enfants&nbsp;:&nbsp;? Profession\u00a0:\u00a0Marchand\/\u00e9picier DOMICILE&nbsp; Adresse (avant la guerre)\u00a0: 8 route de Phalsbourg \u00e0 Sarre-Union (Bas-Rhin) Adresse (pendant la guerre)\u00a0: 12bis Rue de France \u00e0 Neufch\u00e2teau (Vosges) D\u00c9PORTATION&nbsp; Convoi n\u00b0 : 71 du 13 avril &hellip; <\/p>\n<p class=\"link-more\"><a href=\"https:\/\/www.stolpersteine.lautre.net\/wp\/robert-et-elvire-dreyfus\/\" class=\"more-link\">Continuer la lecture<span class=\"screen-reader-text\"> de &laquo;&nbsp;Robert et Elvire DREYFUS&nbsp;&raquo;<\/span><\/a><\/p>\n","protected":false},"author":5,"featured_media":0,"parent":0,"menu_order":0,"comment_status":"closed","ping_status":"closed","template":"","meta":[],"_links":{"self":[{"href":"https:\/\/www.stolpersteine.lautre.net\/wp\/wp-json\/wp\/v2\/pages\/2574"}],"collection":[{"href":"https:\/\/www.stolpersteine.lautre.net\/wp\/wp-json\/wp\/v2\/pages"}],"about":[{"href":"https:\/\/www.stolpersteine.lautre.net\/wp\/wp-json\/wp\/v2\/types\/page"}],"author":[{"embeddable":true,"href":"https:\/\/www.stolpersteine.lautre.net\/wp\/wp-json\/wp\/v2\/users\/5"}],"replies":[{"embeddable":true,"href":"https:\/\/www.stolpersteine.lautre.net\/wp\/wp-json\/wp\/v2\/comments?post=2574"}],"version-history":[{"count":1,"href":"https:\/\/www.stolpersteine.lautre.net\/wp\/wp-json\/wp\/v2\/pages\/2574\/revisions"}],"predecessor-version":[{"id":2575,"href":"https:\/\/www.stolpersteine.lautre.net\/wp\/wp-json\/wp\/v2\/pages\/2574\/revisions\/2575"}],"wp:attachment":[{"href":"https:\/\/www.stolpersteine.lautre.net\/wp\/wp-json\/wp\/v2\/media?parent=2574"}],"curies":[{"name":"wp","href":"https:\/\/api.w.org\/{rel}","templated":true}]}}